{"id":7580,"date":"2024-02-02T08:00:46","date_gmt":"2024-02-02T09:00:46","guid":{"rendered":"https:\/\/www.autorimesseroma.it\/politica-de-privacidade\/"},"modified":"2024-02-11T08:29:24","modified_gmt":"2024-02-11T09:29:24","slug":"politica-de-privacidade","status":"publish","type":"page","link":"https:\/\/www.autorimesseroma.it\/pt-pt\/politica-de-privacidade\/","title":{"rendered":"Pol\u00edtica de privacidade"},"content":{"rendered":"\t\t<div data-elementor-type=\"wp-page\" data-elementor-id=\"7580\" class=\"elementor elementor-7580 elementor-3\" data-elementor-post-type=\"page\">\n\t\t\t\t<div class=\"elementor-element elementor-element-689a120c e-flex e-con-boxed e-con e-parent\" data-id=\"689a120c\" data-element_type=\"container\" data-e-type=\"container\">\n\t\t\t\t\t<div class=\"e-con-inner\">\n\t\t\t\t<div class=\"elementor-element elementor-element-42280cce elementor-widget elementor-widget-text-editor\" data-id=\"42280cce\" data-element_type=\"widget\" data-e-type=\"widget\" data-widget_type=\"text-editor.default\">\n\t\t\t\t<div class=\"elementor-widget-container\">\n\t\t\t\t\t\t\t\t\t<div class=\"iub_header\">\n<h1>Pol\u00edtica de privacidade de <strong>www.autorimesseroma.it\/<\/strong><\/h1>\n<p>Para obter informa\u00e7\u00f5es sobre os seus dados pessoais recolhidos, as finalidades para as quais s\u00e3o recolhidos e as partes com as quais os dados s\u00e3o partilhados, contacte o Respons\u00e1vel pelo Tratamento.<\/p>\n<\/div>\n<div class=\"one_line_col\">\n<h2 id=\"owner_of_the_data\">Controlador de dados<\/h2>\n<p>Viale Furio Camillo 54 b, 00181 Roma (RM)<\/p>\n<p><b>Endere\u00e7o de correio eletr\u00f3nico do titular:<\/b> parkcity@autorimesseroma.it<\/p>\n<\/div>\n<div class=\"one_line_col\">\n<h2 id=\"types_of_data\">Tipos de dados recolhidos<\/h2>\n<p>O Respons\u00e1vel pelo tratamento n\u00e3o fornece uma lista dos tipos de dados pessoais recolhidos.<\/p>\n<p>Os pormenores completos sobre cada tipo de dados recolhidos s\u00e3o fornecidos nas sec\u00e7\u00f5es espec\u00edficas da presente pol\u00edtica de privacidade ou atrav\u00e9s de textos informativos espec\u00edficos apresentados antes da recolha dos dados.<br>Os Dados Pessoais podem ser fornecidos livremente pelo Utilizador ou, no caso dos Dados do Utilizador, recolhidos automaticamente durante a utiliza\u00e7\u00e3o desta Aplica\u00e7\u00e3o.<br>Salvo indica\u00e7\u00e3o em contr\u00e1rio, todos os dados solicitados por esta aplica\u00e7\u00e3o s\u00e3o obrigat\u00f3rios. Se o Utilizador se recusar a comunic\u00e1-los, pode ser imposs\u00edvel para esta Aplica\u00e7\u00e3o prestar o Servi\u00e7o. Quando esta Aplica\u00e7\u00e3o indicar certos Dados como opcionais, os Utilizadores s\u00e3o livres de se absterem de comunicar esses Dados, sem que isso tenha qualquer consequ\u00eancia na disponibilidade do Servi\u00e7o ou no seu funcionamento.<br>Os utilizadores que tenham d\u00favidas sobre quais os dados obrigat\u00f3rios s\u00e3o encorajados a contactar o respons\u00e1vel pelo tratamento.<br>A poss\u00edvel utiliza\u00e7\u00e3o de Cookies &#8211; ou de outras ferramentas de rastreio &#8211; por esta Aplica\u00e7\u00e3o ou pelos propriet\u00e1rios de servi\u00e7os de terceiros utilizados por esta Aplica\u00e7\u00e3o, salvo especifica\u00e7\u00e3o em contr\u00e1rio, tem como objetivo fornecer o Servi\u00e7o solicitado pelo Utilizador, para al\u00e9m dos outros objectivos descritos neste documento e na Pol\u00edtica de Cookies, se dispon\u00edvel.<\/p>\n<p>O Utilizador assume a responsabilidade pelos Dados Pessoais de terceiros obtidos, publicados ou partilhados atrav\u00e9s desta Aplica\u00e7\u00e3o e garante que tem o direito de os comunicar ou divulgar, isentando o Propriet\u00e1rio de qualquer responsabilidade perante terceiros.<\/p>\n<\/div>\n<div class=\"one_line_col\">\n<h2 id=\"place_of_processing\">M\u00e9todo e localiza\u00e7\u00e3o do tratamento de dados<\/h2>\n<h3>Modos de tratamento<\/h3>\n<p>O Respons\u00e1vel pelo tratamento toma medidas de seguran\u00e7a adequadas para impedir o acesso n\u00e3o autorizado, a divulga\u00e7\u00e3o, a altera\u00e7\u00e3o ou a destrui\u00e7\u00e3o de dados pessoais.<br>O tratamento \u00e9 efectuado por meio de instrumentos inform\u00e1ticos e\/ou telem\u00e1ticos, com m\u00e9todos e l\u00f3gicas de organiza\u00e7\u00e3o estritamente relacionados com as finalidades indicadas. Para al\u00e9m do Respons\u00e1vel pelo Tratamento de Dados, em alguns casos, outros sujeitos envolvidos na organiza\u00e7\u00e3o desta Aplica\u00e7\u00e3o (administrativos, comerciais, de marketing, jur\u00eddicos, administradores de sistemas) ou sujeitos externos (tais como prestadores de servi\u00e7os t\u00e9cnicos terceiros, correios, fornecedores de alojamento, empresas de TI, ag\u00eancias de comunica\u00e7\u00e3o) tamb\u00e9m nomeados, se necess\u00e1rio, Processadores de Dados pelo Respons\u00e1vel pelo Tratamento de Dados, podem ter acesso aos Dados. A lista actualizada dos subcontratantes pode sempre ser solicitada ao respons\u00e1vel pelo tratamento de dados.<\/p>\n<h3>Base jur\u00eddica do tratamento<\/h3>\n<p>O Respons\u00e1vel pelo Tratamento trata os Dados Pessoais relativos ao Utilizador se se verificar uma das seguintes condi\u00e7\u00f5es:<\/p>\n<ul>\n<li>Nota: em algumas jurisdi\u00e7\u00f5es, o Respons\u00e1vel pelo Tratamento pode ser autorizado a tratar os Dados Pessoais sem o consentimento do Utilizador ou sem outra das bases jur\u00eddicas abaixo especificadas, at\u00e9 que o Utilizador se oponha (&#8220;opts-out&#8221;) a esse tratamento. No entanto, isto n\u00e3o se aplica se o tratamento de dados pessoais for regido pela legisla\u00e7\u00e3o europeia sobre a prote\u00e7\u00e3o de dados pessoais;<\/li>\n<li>o tratamento \u00e9 necess\u00e1rio para a execu\u00e7\u00e3o de um contrato com o Utilizador e\/ou para a execu\u00e7\u00e3o de medidas pr\u00e9-contratuais;<\/li>\n<li>o tratamento \u00e9 necess\u00e1rio para o cumprimento de uma obriga\u00e7\u00e3o legal a que o respons\u00e1vel pelo tratamento est\u00e1 sujeito;<\/li>\n<li>o tratamento \u00e9 necess\u00e1rio para a execu\u00e7\u00e3o de uma miss\u00e3o de interesse p\u00fablico ou para o exerc\u00edcio da autoridade p\u00fablica de que est\u00e1 investido o respons\u00e1vel pelo tratamento;<\/li>\n<li>o tratamento \u00e9 necess\u00e1rio para a prossecu\u00e7\u00e3o de interesses leg\u00edtimos do respons\u00e1vel pelo tratamento ou de terceiros.<\/li>\n<\/ul>\n<p>No entanto, \u00e9 sempre poss\u00edvel pedir ao respons\u00e1vel pelo tratamento que esclare\u00e7a a base jur\u00eddica concreta de cada opera\u00e7\u00e3o de tratamento e, em particular, que especifique se o tratamento se baseia na lei, se \u00e9 exigido por um contrato ou se \u00e9 necess\u00e1rio para celebrar um contrato.<\/p>\n<h3>Local<\/h3>\n<p>Os dados s\u00e3o tratados nas instala\u00e7\u00f5es do respons\u00e1vel pelo tratamento de dados e em qualquer outro local onde se encontrem as partes envolvidas no tratamento. Para mais informa\u00e7\u00f5es, contactar o propriet\u00e1rio.<br>Os Dados Pessoais do Utilizador podem ser transferidos para um pa\u00eds diferente do pa\u00eds onde o Utilizador est\u00e1 localizado. Para obter mais informa\u00e7\u00f5es sobre o local onde o tratamento \u00e9 efectuado, o Utilizador pode consultar a sec\u00e7\u00e3o &#8220;Detalhes do tratamento de dados pessoais&#8221;.<\/p>\n<p>O Utilizador tem o direito de obter informa\u00e7\u00f5es sobre a base jur\u00eddica para a transfer\u00eancia de Dados para fora da Uni\u00e3o Europeia ou para uma organiza\u00e7\u00e3o internacional de direito internacional p\u00fablico ou constitu\u00edda por dois ou mais pa\u00edses, como a ONU, bem como sobre as medidas de seguran\u00e7a adoptadas pelo Respons\u00e1vel pelo Tratamento para proteger os Dados.<\/p>\n<p>O Utilizador pode verificar se ocorreu uma das transfer\u00eancias acima descritas examinando a sec\u00e7\u00e3o do presente documento relativa aos detalhes sobre o tratamento de Dados Pessoais ou solicitar informa\u00e7\u00f5es ao Respons\u00e1vel pelo Tratamento contactando-o atrav\u00e9s dos dados de contacto indicados no in\u00edcio.<\/p>\n<h3>Per\u00edodo de conserva\u00e7\u00e3o<\/h3>\n<p>Os dados s\u00e3o processados e armazenados durante o tempo necess\u00e1rio para os fins para os quais foram recolhidos.<\/p>\n<p>Por conseguinte:<\/p>\n<ul>\n<li>Os Dados Pessoais recolhidos para fins relacionados com a execu\u00e7\u00e3o de um contrato entre o Respons\u00e1vel pelo Tratamento e o Utilizador ser\u00e3o conservados at\u00e9 \u00e0 conclus\u00e3o da execu\u00e7\u00e3o desse contrato.<\/li>\n<li>Os dados pessoais recolhidos para fins atribu\u00edveis ao interesse leg\u00edtimo do respons\u00e1vel pelo tratamento de dados ser\u00e3o conservados at\u00e9 que esse interesse seja satisfeito. O Utilizador pode obter mais informa\u00e7\u00f5es sobre os interesses leg\u00edtimos prosseguidos pelo Respons\u00e1vel pelo Tratamento nas sec\u00e7\u00f5es pertinentes do presente documento ou contactando o Respons\u00e1vel pelo Tratamento.<\/li>\n<\/ul>\n<p>Quando o tratamento se baseia no consentimento do Utilizador, o Respons\u00e1vel pelo Tratamento pode conservar os Dados Pessoais durante mais tempo at\u00e9 que esse consentimento seja revogado. Al\u00e9m disso, o Respons\u00e1vel pelo tratamento pode ser obrigado a conservar os dados pessoais durante um per\u00edodo mais longo, em cumprimento de uma obriga\u00e7\u00e3o legal ou por ordem de uma autoridade.<\/p>\n<p>No final do per\u00edodo de conserva\u00e7\u00e3o, os dados pessoais ser\u00e3o eliminados. Por conseguinte, ap\u00f3s o termo deste per\u00edodo, o direito de acesso, cancelamento, retifica\u00e7\u00e3o e o direito \u00e0 portabilidade dos dados deixam de poder ser exercidos.<\/p>\n<\/div>\n<div class=\"one_line_col\">\n<h2>Direitos do utilizador<\/h2>\n<p>Os utilizadores podem exercer determinados direitos em rela\u00e7\u00e3o aos dados tratados pelo respons\u00e1vel pelo tratamento de dados.<\/p>\n<p>Em particular, o Utilizador tem o direito de:<\/p>\n<ul>\n<li><b>retirar o consentimento em qualquer altura.<\/b>  O Utilizador pode revogar o seu consentimento previamente expresso para o tratamento dos seus Dados Pessoais.<\/li>\n<li><b>opor-se ao tratamento dos seus dados.<\/b>  Os utilizadores podem opor-se ao tratamento dos seus dados quando este \u00e9 efectuado com uma base jur\u00eddica diferente do consentimento. Na sec\u00e7\u00e3o seguinte s\u00e3o apresentadas mais informa\u00e7\u00f5es sobre o direito de oposi\u00e7\u00e3o.<\/li>\n<li><b>acesso aos seus dados.<\/b>  O Utilizador tem o direito de obter informa\u00e7\u00f5es sobre os Dados tratados pelo Respons\u00e1vel pelo Tratamento, sobre determinados aspectos do tratamento e de receber uma c\u00f3pia dos Dados tratados.<\/li>\n<li><b>verificar e solicitar a retifica\u00e7\u00e3o.<\/b>  O Utilizador pode verificar a exatid\u00e3o dos seus Dados e solicitar a sua atualiza\u00e7\u00e3o ou corre\u00e7\u00e3o.<\/li>\n<li><b>obter a limita\u00e7\u00e3o do tratamento.<\/b>  Quando est\u00e3o reunidas determinadas condi\u00e7\u00f5es, o Utilizador pode solicitar a limita\u00e7\u00e3o do tratamento dos seus Dados. Neste caso, o respons\u00e1vel pelo tratamento de dados n\u00e3o processar\u00e1 os dados para qualquer outra finalidade que n\u00e3o seja a sua conserva\u00e7\u00e3o.<\/li>\n<li><b>obter a elimina\u00e7\u00e3o ou remo\u00e7\u00e3o dos seus dados pessoais.<\/b>  Quando estiverem reunidas determinadas condi\u00e7\u00f5es, o Utilizador pode solicitar a elimina\u00e7\u00e3o dos seus Dados pelo Respons\u00e1vel pelo Tratamento.<\/li>\n<li><b>receber os seus dados ou solicitar a sua transfer\u00eancia para outro respons\u00e1vel pelo tratamento de dados.<\/b>  O Utilizador tem o direito de receber os seus dados num formato estruturado, de uso corrente e de leitura \u00f3tica e, sempre que seja tecnicamente poss\u00edvel, de os transferir sem impedimentos para outro respons\u00e1vel pelo tratamento de dados. Esta disposi\u00e7\u00e3o \u00e9 aplic\u00e1vel quando os Dados s\u00e3o processados por meios automatizados e o processamento \u00e9 baseado no consentimento do Utilizador, num contrato do qual o Utilizador \u00e9 parte ou em medidas contratuais relacionadas com o mesmo.<\/li>\n<li><b>apresentar uma queixa.<\/b>  O Utilizador pode apresentar uma queixa \u00e0 autoridade de controlo competente em mat\u00e9ria de prote\u00e7\u00e3o de dados ou intentar uma a\u00e7\u00e3o judicial.<\/li>\n<\/ul>\n<h3>Detalhes sobre o direito de obje\u00e7\u00e3o<\/h3>\n<p>Se os Dados Pessoais forem tratados por motivos de interesse p\u00fablico, no exerc\u00edcio da autoridade p\u00fablica de que est\u00e1 investido o Respons\u00e1vel pelo Tratamento ou para efeito de um interesse leg\u00edtimo do Respons\u00e1vel pelo Tratamento, os Utilizadores t\u00eam o direito de se opor ao tratamento por motivos relacionados com a sua situa\u00e7\u00e3o particular.<\/p>\n<p>Os utilizadores s\u00e3o informados de que, se os seus dados forem processados para fins de marketing direto, podem opor-se ao processamento sem apresentar quaisquer raz\u00f5es. Para saber se o Respons\u00e1vel pelo tratamento trata os dados para fins de marketing direto, o Utilizador pode consultar as respectivas sec\u00e7\u00f5es do presente documento.<\/p>\n<h3>Como exercer os direitos<\/h3>\n<p>Para exercer os seus direitos, o Utilizador pode dirigir um pedido aos contactos do Respons\u00e1vel pelo Tratamento indicados no presente documento. Os pedidos s\u00e3o apresentados gratuitamente e tratados pelo titular o mais rapidamente poss\u00edvel, em qualquer caso no prazo de um m\u00eas.<\/p>\n<\/div>\n<div class=\"one_line_col\">\n<h2 id=\"further_data_processing_info\">Mais informa\u00e7\u00f5es sobre o tratamento<\/h2>\n<h3>Defesa em tribunal<\/h3>\n<p>Os Dados Pessoais do Utilizador podem ser utilizados pelo Respons\u00e1vel pelo Tratamento de Dados em processos judiciais ou nas fases preparat\u00f3rias da sua eventual instaura\u00e7\u00e3o para a defesa contra abusos na utiliza\u00e7\u00e3o desta Aplica\u00e7\u00e3o ou dos Servi\u00e7os relacionados pelo Utilizador.<br>O Utilizador declara ter conhecimento de que o Respons\u00e1vel pelo Tratamento pode ser obrigado a divulgar os Dados por ordem das autoridades p\u00fablicas.<\/p>\n<h3>Informa\u00e7\u00f5es espec\u00edficas<\/h3>\n<p>A pedido do Utilizador, para al\u00e9m das informa\u00e7\u00f5es contidas nesta pol\u00edtica de privacidade, esta Aplica\u00e7\u00e3o pode fornecer ao Utilizador informa\u00e7\u00f5es adicionais e contextuais relativas a Servi\u00e7os espec\u00edficos ou \u00e0 recolha e tratamento de Dados Pessoais.<\/p>\n<h3>Registos e manuten\u00e7\u00e3o do sistema<\/h3>\n<p>Para efeitos de funcionamento e manuten\u00e7\u00e3o, esta Aplica\u00e7\u00e3o e quaisquer servi\u00e7os de terceiros por ela utilizados podem recolher registos do sistema, ou seja, ficheiros que registam interac\u00e7\u00f5es e que tamb\u00e9m podem conter Dados Pessoais, como o endere\u00e7o IP do Utilizador.<\/p>\n<h3>Informa\u00e7\u00f5es n\u00e3o inclu\u00eddas na presente pol\u00edtica<\/h3>\n<p>Para mais informa\u00e7\u00f5es sobre o tratamento de dados pessoais, pode ser solicitado, a qualquer momento, ao respons\u00e1vel pelo tratamento de dados, utilizando os dados de contacto.<\/p>\n<h3>Responder a pedidos de &#8220;N\u00e3o rastrear<\/h3>\n<p>Esta aplica\u00e7\u00e3o n\u00e3o suporta pedidos de &#8220;N\u00e3o seguir&#8221;.<br>Para saber se os servi\u00e7os de terceiros utilizados os suportam, o Utilizador \u00e9 convidado a consultar as respectivas pol\u00edticas de privacidade.<\/p>\n<h3>Altera\u00e7\u00f5es a esta pol\u00edtica de privacidade<\/h3>\n<p>O Respons\u00e1vel pelo Tratamento reserva-se o direito de alterar a presente pol\u00edtica de confidencialidade a qualquer momento, informando os Utilizadores nesta p\u00e1gina e, se poss\u00edvel, nesta Aplica\u00e7\u00e3o, bem como, se for t\u00e9cnica e legalmente vi\u00e1vel, enviando uma notifica\u00e7\u00e3o aos Utilizadores atrav\u00e9s de um dos dados de contacto detidos pelo Respons\u00e1vel pelo Tratamento. Por conseguinte, \u00e9 favor consultar regularmente esta p\u00e1gina, tendo em conta a data da \u00faltima modifica\u00e7\u00e3o indicada no final.<\/p>\n<p>Se as altera\u00e7\u00f5es afectarem o tratamento cuja base jur\u00eddica \u00e9 o consentimento, o Respons\u00e1vel pelo Tratamento recolher\u00e1 novamente o consentimento do Utilizador, se necess\u00e1rio.<\/p>\n<\/div>\t\t\t\t\t\t\t\t<\/div>\n\t\t\t\t<\/div>\n\t\t\t\t\t<\/div>\n\t\t\t\t<\/div>\n\t\t\t\t<\/div>\n\t\t","protected":false},"excerpt":{"rendered":"<p>Pol\u00edtica de privacidade de www.autorimesseroma.it\/ Para obter informa\u00e7\u00f5es sobre os seus dados pessoais recolhidos, as finalidades para as quais s\u00e3o recolhidos e as partes com as quais os dados s\u00e3o partilhados, contacte o Respons\u00e1vel pelo Tratamento. Controlador de dados Viale Furio Camillo 54 b, 00181 Roma (RM) Endere\u00e7o de correio eletr\u00f3nico do titular: parkcity@autorimesseroma.it Tipos&hellip;<\/p>\n","protected":false},"author":1,"featured_media":0,"parent":0,"menu_order":0,"comment_status":"closed","ping_status":"open","template":"","meta":{"footnotes":""},"class_list":["post-7580","page","type-page","status-publish","hentry"],"yoast_head":"<!-- This site is optimized with the Yoast SEO plugin v27.3 - https:\/\/yoast.com\/product\/yoast-seo-wordpress\/ -->\n<title>Pol\u00edtica de privacidade - PARKCITY 96 - Estacionamento em Roma | CENTRO de metro 15 min | Econ\u00f4mico<\/title>\n<meta name=\"robots\" content=\"index, follow, max-snippet:-1, max-image-preview:large, max-video-preview:-1\" \/>\n<link rel=\"canonical\" href=\"https:\/\/www.autorimesseroma.it\/pt-pt\/politica-de-privacidade\/\" \/>\n<meta property=\"og:locale\" content=\"pt_PT\" \/>\n<meta property=\"og:type\" content=\"article\" \/>\n<meta property=\"og:title\" content=\"Pol\u00edtica de privacidade - PARKCITY 96 - Estacionamento em Roma | CENTRO de metro 15 min | Econ\u00f4mico\" \/>\n<meta property=\"og:description\" content=\"Pol\u00edtica de privacidade de www.autorimesseroma.it\/ Para obter informa\u00e7\u00f5es sobre os seus dados pessoais recolhidos, as finalidades para as quais s\u00e3o recolhidos e as partes com as quais os dados s\u00e3o partilhados, contacte o Respons\u00e1vel pelo Tratamento. Controlador de dados Viale Furio Camillo 54 b, 00181 Roma (RM) Endere\u00e7o de correio eletr\u00f3nico do titular: parkcity@autorimesseroma.it Tipos&hellip;\" \/>\n<meta property=\"og:url\" content=\"https:\/\/www.autorimesseroma.it\/pt-pt\/politica-de-privacidade\/\" \/>\n<meta property=\"og:site_name\" content=\"PARKCITY 96 - Estacionamento em Roma | CENTRO de metro 15 min | Econ\u00f4mico\" \/>\n<meta property=\"article:publisher\" content=\"https:\/\/www.facebook.com\/people\/Parking-Rome\/100068444212966\/\" \/>\n<meta property=\"article:modified_time\" content=\"2024-02-11T09:29:24+00:00\" \/>\n<meta name=\"twitter:card\" content=\"summary_large_image\" \/>\n<meta name=\"twitter:site\" content=\"@PaekingR\" \/>\n<meta name=\"twitter:label1\" content=\"Tempo estimado de leitura\" \/>\n\t<meta name=\"twitter:data1\" content=\"10 minutos\" \/>\n<script type=\"application\/ld+json\" class=\"yoast-schema-graph\">{\"@context\":\"https:\\\/\\\/schema.org\",\"@graph\":[{\"@type\":\"WebPage\",\"@id\":\"https:\\\/\\\/www.autorimesseroma.it\\\/pt-pt\\\/politica-de-privacidade\\\/\",\"url\":\"https:\\\/\\\/www.autorimesseroma.it\\\/pt-pt\\\/politica-de-privacidade\\\/\",\"name\":\"Pol\u00edtica de privacidade - PARKCITY 96 - Estacionamento em Roma | CENTRO de metro 15 min | Econ\u00f4mico\",\"isPartOf\":{\"@id\":\"https:\\\/\\\/www.autorimesseroma.it\\\/pt-pt\\\/#website\"},\"datePublished\":\"2024-02-02T09:00:46+00:00\",\"dateModified\":\"2024-02-11T09:29:24+00:00\",\"breadcrumb\":{\"@id\":\"https:\\\/\\\/www.autorimesseroma.it\\\/pt-pt\\\/politica-de-privacidade\\\/#breadcrumb\"},\"inLanguage\":\"pt-PT\",\"potentialAction\":[{\"@type\":\"ReadAction\",\"target\":[\"https:\\\/\\\/www.autorimesseroma.it\\\/pt-pt\\\/politica-de-privacidade\\\/\"]}]},{\"@type\":\"BreadcrumbList\",\"@id\":\"https:\\\/\\\/www.autorimesseroma.it\\\/pt-pt\\\/politica-de-privacidade\\\/#breadcrumb\",\"itemListElement\":[{\"@type\":\"ListItem\",\"position\":1,\"name\":\"Home\",\"item\":\"https:\\\/\\\/www.autorimesseroma.it\\\/pt-pt\\\/\"},{\"@type\":\"ListItem\",\"position\":2,\"name\":\"Pol\u00edtica de privacidade\"}]},{\"@type\":\"WebSite\",\"@id\":\"https:\\\/\\\/www.autorimesseroma.it\\\/pt-pt\\\/#website\",\"url\":\"https:\\\/\\\/www.autorimesseroma.it\\\/pt-pt\\\/\",\"name\":\"PARKCITY 96 - Parcheggio a Roma | CENTRO in metro 15 min | Economico\",\"description\":\"F\u00e1cil chegar a. Fora da zona de tr\u00e1fego restrito. Estacionamento coberto e seguro na \u00e1rea Appio Tuscolana (semi-centro de Roma), a apenas 100 metros da parada Furio Camillo da linha A do metr\u00f4.\",\"publisher\":{\"@id\":\"https:\\\/\\\/www.autorimesseroma.it\\\/pt-pt\\\/#organization\"},\"potentialAction\":[{\"@type\":\"SearchAction\",\"target\":{\"@type\":\"EntryPoint\",\"urlTemplate\":\"https:\\\/\\\/www.autorimesseroma.it\\\/pt-pt\\\/?s={search_term_string}\"},\"query-input\":{\"@type\":\"PropertyValueSpecification\",\"valueRequired\":true,\"valueName\":\"search_term_string\"}}],\"inLanguage\":\"pt-PT\"},{\"@type\":\"Organization\",\"@id\":\"https:\\\/\\\/www.autorimesseroma.it\\\/pt-pt\\\/#organization\",\"name\":\"PARKCITY 96 - Parcheggio a Roma | CENTRO in metro 15 min | Economico\",\"url\":\"https:\\\/\\\/www.autorimesseroma.it\\\/pt-pt\\\/\",\"logo\":{\"@type\":\"ImageObject\",\"inLanguage\":\"pt-PT\",\"@id\":\"https:\\\/\\\/www.autorimesseroma.it\\\/pt-pt\\\/#\\\/schema\\\/logo\\\/image\\\/\",\"url\":\"https:\\\/\\\/www.autorimesseroma.it\\\/wp-content\\\/uploads\\\/2021\\\/11\\\/cropped-Parking-Parkcity96.png\",\"contentUrl\":\"https:\\\/\\\/www.autorimesseroma.it\\\/wp-content\\\/uploads\\\/2021\\\/11\\\/cropped-Parking-Parkcity96.png\",\"width\":512,\"height\":512,\"caption\":\"PARKCITY 96 - Parcheggio a Roma | CENTRO in metro 15 min | Economico\"},\"image\":{\"@id\":\"https:\\\/\\\/www.autorimesseroma.it\\\/pt-pt\\\/#\\\/schema\\\/logo\\\/image\\\/\"},\"sameAs\":[\"https:\\\/\\\/www.facebook.com\\\/people\\\/Parking-Rome\\\/100068444212966\\\/\",\"https:\\\/\\\/x.com\\\/PaekingR\"]}]}<\/script>\n<!-- \/ Yoast SEO plugin. -->","yoast_head_json":{"title":"Pol\u00edtica de privacidade - PARKCITY 96 - Estacionamento em Roma | CENTRO de metro 15 min | Econ\u00f4mico","robots":{"index":"index","follow":"follow","max-snippet":"max-snippet:-1","max-image-preview":"max-image-preview:large","max-video-preview":"max-video-preview:-1"},"canonical":"https:\/\/www.autorimesseroma.it\/pt-pt\/politica-de-privacidade\/","og_locale":"pt_PT","og_type":"article","og_title":"Pol\u00edtica de privacidade - PARKCITY 96 - Estacionamento em Roma | CENTRO de metro 15 min | Econ\u00f4mico","og_description":"Pol\u00edtica de privacidade de www.autorimesseroma.it\/ Para obter informa\u00e7\u00f5es sobre os seus dados pessoais recolhidos, as finalidades para as quais s\u00e3o recolhidos e as partes com as quais os dados s\u00e3o partilhados, contacte o Respons\u00e1vel pelo Tratamento. Controlador de dados Viale Furio Camillo 54 b, 00181 Roma (RM) Endere\u00e7o de correio eletr\u00f3nico do titular: parkcity@autorimesseroma.it Tipos&hellip;","og_url":"https:\/\/www.autorimesseroma.it\/pt-pt\/politica-de-privacidade\/","og_site_name":"PARKCITY 96 - Estacionamento em Roma | CENTRO de metro 15 min | Econ\u00f4mico","article_publisher":"https:\/\/www.facebook.com\/people\/Parking-Rome\/100068444212966\/","article_modified_time":"2024-02-11T09:29:24+00:00","twitter_card":"summary_large_image","twitter_site":"@PaekingR","twitter_misc":{"Tempo estimado de leitura":"10 minutos"},"schema":{"@context":"https:\/\/schema.org","@graph":[{"@type":"WebPage","@id":"https:\/\/www.autorimesseroma.it\/pt-pt\/politica-de-privacidade\/","url":"https:\/\/www.autorimesseroma.it\/pt-pt\/politica-de-privacidade\/","name":"Pol\u00edtica de privacidade - PARKCITY 96 - Estacionamento em Roma | CENTRO de metro 15 min | Econ\u00f4mico","isPartOf":{"@id":"https:\/\/www.autorimesseroma.it\/pt-pt\/#website"},"datePublished":"2024-02-02T09:00:46+00:00","dateModified":"2024-02-11T09:29:24+00:00","breadcrumb":{"@id":"https:\/\/www.autorimesseroma.it\/pt-pt\/politica-de-privacidade\/#breadcrumb"},"inLanguage":"pt-PT","potentialAction":[{"@type":"ReadAction","target":["https:\/\/www.autorimesseroma.it\/pt-pt\/politica-de-privacidade\/"]}]},{"@type":"BreadcrumbList","@id":"https:\/\/www.autorimesseroma.it\/pt-pt\/politica-de-privacidade\/#breadcrumb","itemListElement":[{"@type":"ListItem","position":1,"name":"Home","item":"https:\/\/www.autorimesseroma.it\/pt-pt\/"},{"@type":"ListItem","position":2,"name":"Pol\u00edtica de privacidade"}]},{"@type":"WebSite","@id":"https:\/\/www.autorimesseroma.it\/pt-pt\/#website","url":"https:\/\/www.autorimesseroma.it\/pt-pt\/","name":"PARKCITY 96 - Parcheggio a Roma | CENTRO in metro 15 min | Economico","description":"F\u00e1cil chegar a. Fora da zona de tr\u00e1fego restrito. Estacionamento coberto e seguro na \u00e1rea Appio Tuscolana (semi-centro de Roma), a apenas 100 metros da parada Furio Camillo da linha A do metr\u00f4.","publisher":{"@id":"https:\/\/www.autorimesseroma.it\/pt-pt\/#organization"},"potentialAction":[{"@type":"SearchAction","target":{"@type":"EntryPoint","urlTemplate":"https:\/\/www.autorimesseroma.it\/pt-pt\/?s={search_term_string}"},"query-input":{"@type":"PropertyValueSpecification","valueRequired":true,"valueName":"search_term_string"}}],"inLanguage":"pt-PT"},{"@type":"Organization","@id":"https:\/\/www.autorimesseroma.it\/pt-pt\/#organization","name":"PARKCITY 96 - Parcheggio a Roma | CENTRO in metro 15 min | Economico","url":"https:\/\/www.autorimesseroma.it\/pt-pt\/","logo":{"@type":"ImageObject","inLanguage":"pt-PT","@id":"https:\/\/www.autorimesseroma.it\/pt-pt\/#\/schema\/logo\/image\/","url":"https:\/\/www.autorimesseroma.it\/wp-content\/uploads\/2021\/11\/cropped-Parking-Parkcity96.png","contentUrl":"https:\/\/www.autorimesseroma.it\/wp-content\/uploads\/2021\/11\/cropped-Parking-Parkcity96.png","width":512,"height":512,"caption":"PARKCITY 96 - Parcheggio a Roma | CENTRO in metro 15 min | Economico"},"image":{"@id":"https:\/\/www.autorimesseroma.it\/pt-pt\/#\/schema\/logo\/image\/"},"sameAs":["https:\/\/www.facebook.com\/people\/Parking-Rome\/100068444212966\/","https:\/\/x.com\/PaekingR"]}]}},"_links":{"self":[{"href":"https:\/\/www.autorimesseroma.it\/pt-pt\/wp-json\/wp\/v2\/pages\/7580","targetHints":{"allow":["GET"]}}],"collection":[{"href":"https:\/\/www.autorimesseroma.it\/pt-pt\/wp-json\/wp\/v2\/pages"}],"about":[{"href":"https:\/\/www.autorimesseroma.it\/pt-pt\/wp-json\/wp\/v2\/types\/page"}],"author":[{"embeddable":true,"href":"https:\/\/www.autorimesseroma.it\/pt-pt\/wp-json\/wp\/v2\/users\/1"}],"replies":[{"embeddable":true,"href":"https:\/\/www.autorimesseroma.it\/pt-pt\/wp-json\/wp\/v2\/comments?post=7580"}],"version-history":[{"count":0,"href":"https:\/\/www.autorimesseroma.it\/pt-pt\/wp-json\/wp\/v2\/pages\/7580\/revisions"}],"wp:attachment":[{"href":"https:\/\/www.autorimesseroma.it\/pt-pt\/wp-json\/wp\/v2\/media?parent=7580"}],"curies":[{"name":"wp","href":"https:\/\/api.w.org\/{rel}","templated":true}]}}